{"id":30527,"date":"2026-01-09T13:40:52","date_gmt":"2026-01-09T13:40:52","guid":{"rendered":"https:\/\/topprixsarl.ch\/product\/organisateur-de-bureau-cep-ellypse-4-compartiments-noir\/"},"modified":"2026-01-14T14:20:21","modified_gmt":"2026-01-14T14:20:21","slug":"organisateur-de-bureau-cep-ellypse-4-compartiments-noir","status":"publish","type":"product","link":"https:\/\/topprixsarl.ch\/de\/product\/organisateur-de-bureau-cep-ellypse-4-compartiments-noir\/","title":{"rendered":"Organisateur de bureau Cep Ellypse &#8211; 4 compartiments &#8211; noir"},"content":{"rendered":"<p>Mettez fin au d\u00e9sordre! <\/p>\n<p>Vous avez d\u00e9j\u00e0 pass\u00e9 du temps \u00e0 chercher vos ustensiles de bureau cette semaine? Le d\u00e9sordre qui r\u00e8gne sur votre lieu de travail peut non seulement \u00eatre nerveusement \u00e9prouvant, mais il peut aussi \u00eatre inutilement chronophage. <\/p>\n<p>Gr\u00e2ce \u00e0 l&rsquo;organiseur de bureau, tout est \u00e0 sa place et vous pouvez trouver stylos, gommes et autres articles imm\u00e9diatement en cas de besoin. <\/p>\n<p>+ Fabriqu\u00e9 en polystyr\u00e8ne, ce qui le rend particuli\u00e8rement r\u00e9sistant et durable. <\/p>\n<p>+ Couleur noire sobre et classique, s&rsquo;harmonisant parfaitement avec vos meubles de bureau, ind\u00e9pendamment de leur mat\u00e9riau. <\/p>\n<p>Il est rare que l&rsquo;on ressente du plaisir \u00e0 chercher quelque chose. Peut-\u00eatre est-ce le cas \u00e0 P\u00e2ques ou lors d&rsquo;une chasse au tr\u00e9sor. Dans la vie professionnelle, de tels moments ont tendance \u00e0 provoquer de l&rsquo;agitation et du stress. <\/p>\n<p>Gr\u00e2ce aux organiseurs de bureau de la marque Cep, fouiner quelque part redevient un plaisir r\u00e9cr\u00e9atif. Car ils vous offrent une vue d&rsquo;ensemble imm\u00e9diate et les processus de travail se d\u00e9roulent sans heurts. <\/p>\n<p>Structurez votre bureau d\u00e8s aujourd&rsquo;hui! <\/p>\n<p>&gt; 5-Jahres-Garantie*<\/p>","protected":false},"excerpt":{"rendered":"<p>Mettez fin au d\u00e9sordre! Vous avez d\u00e9j\u00e0 pass\u00e9 du temps \u00e0 chercher vos ustensiles de bureau cette semaine? Le d\u00e9sordre qui r\u00e8gne sur votre lieu de travail peut non seulement \u00eatre nerveusement \u00e9prouvant, mais il peut aussi \u00eatre inutilement chronophage. <\/p>","protected":false},"featured_media":30526,"comment_status":"open","ping_status":"closed","template":"","meta":[],"product_brand":[],"product_cat":[137],"product_tag":[],"class_list":{"0":"post-30527","1":"product","2":"type-product","3":"status-publish","4":"has-post-thumbnail","6":"product_cat-article-offic","8":"first","9":"instock","10":"shipping-taxable","11":"purchasable","12":"product-type-simple"},"_links":{"self":[{"href":"https:\/\/topprixsarl.ch\/de\/wp-json\/wp\/v2\/product\/30527","targetHints":{"allow":["GET"]}}],"collection":[{"href":"https:\/\/topprixsarl.ch\/de\/wp-json\/wp\/v2\/product"}],"about":[{"href":"https:\/\/topprixsarl.ch\/de\/wp-json\/wp\/v2\/types\/product"}],"replies":[{"embeddable":true,"href":"https:\/\/topprixsarl.ch\/de\/wp-json\/wp\/v2\/comments?post=30527"}],"version-history":[{"count":2,"href":"https:\/\/topprixsarl.ch\/de\/wp-json\/wp\/v2\/product\/30527\/revisions"}],"predecessor-version":[{"id":32589,"href":"https:\/\/topprixsarl.ch\/de\/wp-json\/wp\/v2\/product\/30527\/revisions\/32589"}],"wp:featuredmedia":[{"embeddable":true,"href":"https:\/\/topprixsarl.ch\/de\/wp-json\/wp\/v2\/media\/30526"}],"wp:attachment":[{"href":"https:\/\/topprixsarl.ch\/de\/wp-json\/wp\/v2\/media?parent=30527"}],"wp:term":[{"taxonomy":"product_brand","embeddable":true,"href":"https:\/\/topprixsarl.ch\/de\/wp-json\/wp\/v2\/product_brand?post=30527"},{"taxonomy":"product_cat","embeddable":true,"href":"https:\/\/topprixsarl.ch\/de\/wp-json\/wp\/v2\/product_cat?post=30527"},{"taxonomy":"product_tag","embeddable":true,"href":"https:\/\/topprixsarl.ch\/de\/wp-json\/wp\/v2\/product_tag?post=30527"}],"curies":[{"name":"wp","href":"https:\/\/api.w.org\/{rel}","templated":true}]}}